{"id":2,"date":"2019-11-05T10:31:43","date_gmt":"2019-11-05T09:31:43","guid":{"rendered":"http:\/\/localhost:8888\/uwg\/?page_id=2"},"modified":"2021-03-15T20:08:06","modified_gmt":"2021-03-15T19:08:06","slug":"beispiel-seite","status":"publish","type":"page","link":"https:\/\/www.uwg-attendorn.de\/site\/","title":{"rendered":"Startseite"},"content":{"rendered":"<p><div class=\"fusion-fullwidth fullwidth-box fusion-builder-row-1 verlauf nonhundred-percent-fullwidth non-hundred-percent-height-scrolling\"  style='background-color: rgba(255,255,255,0);background-position: center center;background-repeat: no-repeat;padding-top:0px;padding-right:0px;padding-bottom:50px;padding-left:0px;'><div class=\"fusion-builder-row fusion-row \"><div  class=\"fusion-layout-column fusion_builder_column fusion_builder_column_1_2 fusion-builder-column-1 fusion-one-half fusion-column-first 1_2\"  style='margin-top:0px;margin-bottom:20px;width:50%;width:calc(50% - ( ( 4% + 4% ) * 0.5 ) );margin-right: 4%;'>\n\t\t\t\t\t<div class=\"fusion-column-wrapper\" style=\"padding: 0px 0px 0px 0px;background-position:left top;background-repeat:no-repeat;-webkit-background-size:cover;-moz-background-size:cover;-o-background-size:cover;background-size:cover;\"   data-bg-url=\"\">\n\t\t\t\t\t\t<div class=\"fusion-text\"><h1>B\u00fcrgernah, unabh\u00e4ngig und transparent.<\/h1>\n<p>Die Unabh\u00e4ngige-W\u00e4hler-Gemeinschaft Attendorn vertritt die Interessen der B\u00fcrger ohne Parteipolitik.<\/p>\n<p>UWG Attendorn \u2014 F\u00fcr bessere Lebensbedingungen, ganz nach den Erfordernissen unserer Einwohner.<\/p>\n<\/div><div class=\"fusion-clearfix\"><\/div>\n\n\t\t\t\t\t<\/div>\n\t\t\t\t<\/div><div  class=\"fusion-layout-column fusion_builder_column fusion_builder_column_1_6 fusion-builder-column-2 fusion-one-sixth 1_6\"  style='margin-top:0px;margin-bottom:20px;width:16.66%;width:calc(16.66% - ( ( 4% + 4% ) * 0.1666 ) );margin-right: 4%;'>\n\t\t\t\t\t<div class=\"fusion-column-wrapper\" style=\"padding: 0px 0px 0px 0px;background-position:left top;background-repeat:no-repeat;-webkit-background-size:cover;-moz-background-size:cover;-o-background-size:cover;background-size:cover;\"   data-bg-url=\"\">\n\t\t\t\t\t\t<div class=\"fusion-clearfix\"><\/div>\n\n\t\t\t\t\t<\/div>\n\t\t\t\t<\/div><div  class=\"fusion-layout-column fusion_builder_column fusion_builder_column_1_3 fusion-builder-column-3 fusion-one-third fusion-column-last 1_3\"  style='margin-top:0px;margin-bottom:20px;width:33.33%;width:calc(33.33% - ( ( 4% + 4% ) * 0.3333 ) );'>\n\t\t\t\t\t<div class=\"fusion-column-wrapper\" style=\"padding: 0px 0px 0px 0px;background-position:left top;background-repeat:no-repeat;-webkit-background-size:cover;-moz-background-size:cover;-o-background-size:cover;background-size:cover;\"   data-bg-url=\"\">\n\t\t\t\t\t\t<div class=\"fusion-text\"><p><img loading=\"lazy\" class=\"aligncenter wp-image-14\" src=\"https:\/\/uwg-attendorn.de\/site\/wp-content\/uploads\/2019\/11\/uwg-attendorn-logo-gross.gif\" alt=\"\" width=\"350\" height=\"350\" \/><\/p>\n<\/div><div class=\"fusion-clearfix\"><\/div>\n\n\t\t\t\t\t<\/div>\n\t\t\t\t<\/div><\/div><\/div><div class=\"fusion-fullwidth fullwidth-box fusion-builder-row-2 fusion-parallax-none nonhundred-percent-fullwidth non-hundred-percent-height-scrolling\"  style='background-color: #ffc800;background-image: url(\"https:\/\/uwg-attendorn.de\/site\/wp-content\/uploads\/2019\/11\/bg-verlauf.jpg\");background-position: center center;background-repeat: no-repeat;padding-top:50px;padding-right:0px;padding-bottom:0px;padding-left:0px;-webkit-background-size:cover;-moz-background-size:cover;-o-background-size:cover;background-size:cover;'><div class=\"fusion-builder-row fusion-row \"><div  class=\"fusion-layout-column fusion_builder_column fusion_builder_column_1_1 fusion-builder-column-4 fusion-one-full fusion-column-first fusion-column-last 1_1\"  style='margin-top:0px;margin-bottom:20px;'>\n\t\t\t\t\t<div class=\"fusion-column-wrapper\" style=\"padding: 0px 0px 0px 0px;background-position:left top;background-repeat:no-repeat;-webkit-background-size:cover;-moz-background-size:cover;-o-background-size:cover;background-size:cover;\"   data-bg-url=\"\">\n\t\t\t\t\t\t<div class=\"fusion-blog-shortcode fusion-blog-shortcode-1 fusion-blog-archive fusion-blog-layout-grid-wrapper fusion-blog-no\"><style type=\"text\/css\">.fusion-blog-shortcode-1 .fusion-blog-layout-grid .fusion-post-grid{padding:20px;}.fusion-blog-shortcode-1 .fusion-posts-container{margin-left: -20px !important; margin-right:-20px !important;}<\/style><div class=\"fusion-posts-container fusion-posts-container-no fusion-no-meta-info fusion-blog-rollover fusion-blog-layout-grid fusion-blog-layout-grid-3 isotope fusion-blog-equal-heights\" data-pages=\"7\" data-grid-col-space=\"40\" style=\"margin: -20px -20px 0;min-height:500px;\"><article id=\"blog-1-post-1477\" class=\"fusion-post-grid post-1477 post type-post status-publish format-standard has-post-thumbnail hentry category-allgemein\">\n<div class=\"fusion-post-wrapper\" style=\"background-color:rgba(255,255,255,0);border:1px solid #ffffff;border-bottom-width:3px;\">\n\n\t\t\t<div class=\"fusion-flexslider flexslider fusion-flexslider-loading fusion-post-slideshow\" style=\"border-color:#ffffff;\">\n\t\t<ul class=\"slides\">\n\t\t\t\n\t\t\t\t\t\t\t\t\t\t\t\t\t\t<li>\n\n<div  class=\"fusion-image-wrapper\" aria-haspopup=\"true\">\n\t\n\t\n\t\t\n\t\t\t\t\t<img width=\"606\" height=\"758\" src=\"https:\/\/www.uwg-attendorn.de\/site\/wp-content\/uploads\/2025\/08\/UWG-Flyer-2025.jpg\" class=\"attachment-full size-full wp-post-image\" alt=\"\" loading=\"lazy\" srcset=\"https:\/\/www.uwg-attendorn.de\/site\/wp-content\/uploads\/2025\/08\/UWG-Flyer-2025-200x250.jpg 200w, https:\/\/www.uwg-attendorn.de\/site\/wp-content\/uploads\/2025\/08\/UWG-Flyer-2025-400x500.jpg 400w, https:\/\/www.uwg-attendorn.de\/site\/wp-content\/uploads\/2025\/08\/UWG-Flyer-2025-600x750.jpg 600w, https:\/\/www.uwg-attendorn.de\/site\/wp-content\/uploads\/2025\/08\/UWG-Flyer-2025.jpg 606w\" sizes=\"(min-width: 2200px) 100vw, (min-width: 784px) 340px, (min-width: 712px) 510px, (min-width: 640px) 712px, \" \/>\n\t\n\n\t\t<div class=\"fusion-rollover\">\n\t<div class=\"fusion-rollover-content\">\n\n\t\t\t\t\n\t\t\t\t\n\t\t\t\t\t\t\t\t\n\t\t\t\t\t\t\t\t\n\t\t\n\t\t\t\t<a class=\"fusion-link-wrapper\" href=\"https:\/\/www.uwg-attendorn.de\/site\/unser-flyer-zur-kommunalwahl-2025-ist-da\/\" aria-label=\"Unser Flyer zur Kommunalwahl 2025 ist da!\"><\/a>\n\t<\/div>\n<\/div>\n\n\t\n<\/div>\n<\/li>\n\t\t\t\n\t\t\t\n\t\t\t\t\t\t\t\t\t\t\t\t\t\t\t\t\t\t\t\t\t\t\t\t\t\t\t\t\t\t\t\t\t\t\t\t\t\t\t\t\t\t\t\t\t\t\t\t\t\t\t\t\t\t\t\t\t\t\t\t\t\t\t\t\t\t\t\t<\/ul>\n\t<\/div>\n\t<div class=\"fusion-post-content-wrapper\" style=\"padding:20px 15px 20px 5px;\"><div class=\"fusion-post-content post-content\"><h2 class=\"blog-shortcode-post-title entry-title\"><a href=\"https:\/\/www.uwg-attendorn.de\/site\/unser-flyer-zur-kommunalwahl-2025-ist-da\/\">Unser Flyer zur Kommunalwahl 2025 ist da!<\/a><\/h2><div class=\"fusion-post-content-container\"><p>Die Unabh\u00e4ngige W\u00e4hlergemeinschaft Attendorn (UWG Attendorn) startet in den Kommunalwahlkampf \u2013 mit klaren Zielen, neuen <a href=\"https:\/\/www.uwg-attendorn.de\/site\/unser-flyer-zur-kommunalwahl-2025-ist-da\/\">[mehr...]<\/a><\/p><\/div><\/div><\/div><div class=\"fusion-clearfix\"><\/div><\/div>\n<\/article>\n<article id=\"blog-1-post-1394\" class=\"fusion-post-grid post-1394 post type-post status-publish format-standard has-post-thumbnail hentry category-allgemein\">\n<div class=\"fusion-post-wrapper\" style=\"background-color:rgba(255,255,255,0);border:1px solid #ffffff;border-bottom-width:3px;\">\n\n\t\t\t<div class=\"fusion-flexslider flexslider fusion-flexslider-loading fusion-post-slideshow\" style=\"border-color:#ffffff;\">\n\t\t<ul class=\"slides\">\n\t\t\t\n\t\t\t\t\t\t\t\t\t\t\t\t\t\t<li>\n\n<div  class=\"fusion-image-wrapper\" aria-haspopup=\"true\">\n\t\n\t\n\t\t\n\t\t\t\t\t<img width=\"720\" height=\"540\" src=\"https:\/\/www.uwg-attendorn.de\/site\/wp-content\/uploads\/2024\/12\/UWG_Attendorn_M-1.jpg\" class=\"attachment-full size-full wp-post-image\" alt=\"\" loading=\"lazy\" srcset=\"https:\/\/www.uwg-attendorn.de\/site\/wp-content\/uploads\/2024\/12\/UWG_Attendorn_M-1-200x150.jpg 200w, https:\/\/www.uwg-attendorn.de\/site\/wp-content\/uploads\/2024\/12\/UWG_Attendorn_M-1-400x300.jpg 400w, https:\/\/www.uwg-attendorn.de\/site\/wp-content\/uploads\/2024\/12\/UWG_Attendorn_M-1-600x450.jpg 600w, https:\/\/www.uwg-attendorn.de\/site\/wp-content\/uploads\/2024\/12\/UWG_Attendorn_M-1.jpg 720w\" sizes=\"(min-width: 2200px) 100vw, (min-width: 784px) 340px, (min-width: 712px) 510px, (min-width: 640px) 712px, \" \/>\n\t\n\n\t\t<div class=\"fusion-rollover\">\n\t<div class=\"fusion-rollover-content\">\n\n\t\t\t\t\n\t\t\t\t\n\t\t\t\t\t\t\t\t\n\t\t\t\t\t\t\t\t\n\t\t\n\t\t\t\t<a class=\"fusion-link-wrapper\" href=\"https:\/\/www.uwg-attendorn.de\/site\/wir-wuenschen-allen-buergerinnen-und-buergern-ein-frohes-weihnachtsfest-und-ein-gutes-neues-jahr-2025\/\" aria-label=\"Wir w\u00fcnschen allen B\u00fcrgerinnen und B\u00fcrgern ein frohes Weihnachtsfest und ein gutes neues Jahr 2025.\"><\/a>\n\t<\/div>\n<\/div>\n\n\t\n<\/div>\n<\/li>\n\t\t\t\n\t\t\t\n\t\t\t\t\t\t\t\t\t\t\t\t\t\t\t\t\t\t\t\t\t\t\t\t\t\t\t\t\t\t\t\t\t\t\t\t\t\t\t\t\t\t\t\t\t\t\t\t\t\t\t\t\t\t\t\t\t\t\t\t\t\t\t\t\t\t\t\t<\/ul>\n\t<\/div>\n\t<div class=\"fusion-post-content-wrapper\" style=\"padding:20px 15px 20px 5px;\"><div class=\"fusion-post-content post-content\"><h2 class=\"blog-shortcode-post-title entry-title\"><a href=\"https:\/\/www.uwg-attendorn.de\/site\/wir-wuenschen-allen-buergerinnen-und-buergern-ein-frohes-weihnachtsfest-und-ein-gutes-neues-jahr-2025\/\">Wir w\u00fcnschen allen B\u00fcrgerinnen und B\u00fcrgern ein frohes Weihnachtsfest und ein gutes neues Jahr 2025.<\/a><\/h2><div class=\"fusion-post-content-container\"><p><\/p><\/div><\/div><\/div><div class=\"fusion-clearfix\"><\/div><\/div>\n<\/article>\n<article id=\"blog-1-post-1387\" class=\"fusion-post-grid post-1387 post type-post status-publish format-standard has-post-thumbnail hentry category-allgemein\">\n<div class=\"fusion-post-wrapper\" style=\"background-color:rgba(255,255,255,0);border:1px solid #ffffff;border-bottom-width:3px;\">\n\n\t\t\t<div class=\"fusion-flexslider flexslider fusion-flexslider-loading fusion-post-slideshow\" style=\"border-color:#ffffff;\">\n\t\t<ul class=\"slides\">\n\t\t\t\n\t\t\t\t\t\t\t\t\t\t\t\t\t\t<li>\n\n<div  class=\"fusion-image-wrapper\" aria-haspopup=\"true\">\n\t\n\t\n\t\t\n\t\t\t\t\t<img width=\"1536\" height=\"1303\" src=\"https:\/\/www.uwg-attendorn.de\/site\/wp-content\/uploads\/2024\/05\/Kirchhoff.jpg\" class=\"attachment-full size-full wp-post-image\" alt=\"\" loading=\"lazy\" srcset=\"https:\/\/www.uwg-attendorn.de\/site\/wp-content\/uploads\/2024\/05\/Kirchhoff-200x170.jpg 200w, https:\/\/www.uwg-attendorn.de\/site\/wp-content\/uploads\/2024\/05\/Kirchhoff-400x339.jpg 400w, https:\/\/www.uwg-attendorn.de\/site\/wp-content\/uploads\/2024\/05\/Kirchhoff-600x509.jpg 600w, https:\/\/www.uwg-attendorn.de\/site\/wp-content\/uploads\/2024\/05\/Kirchhoff-800x679.jpg 800w, https:\/\/www.uwg-attendorn.de\/site\/wp-content\/uploads\/2024\/05\/Kirchhoff-1200x1018.jpg 1200w, https:\/\/www.uwg-attendorn.de\/site\/wp-content\/uploads\/2024\/05\/Kirchhoff.jpg 1536w\" sizes=\"(min-width: 2200px) 100vw, (min-width: 784px) 340px, (min-width: 712px) 510px, (min-width: 640px) 712px, \" \/>\n\t\n\n\t\t<div class=\"fusion-rollover\">\n\t<div class=\"fusion-rollover-content\">\n\n\t\t\t\t\n\t\t\t\t\n\t\t\t\t\t\t\t\t\n\t\t\t\t\t\t\t\t\n\t\t\n\t\t\t\t<a class=\"fusion-link-wrapper\" href=\"https:\/\/www.uwg-attendorn.de\/site\/spitzenkandidaten-zur-europawahl-besuchen-attendorn\/\" aria-label=\"Spitzenkandidaten zur Europawahl besuchen Attendorn\"><\/a>\n\t<\/div>\n<\/div>\n\n\t\n<\/div>\n<\/li>\n\t\t\t\n\t\t\t\n\t\t\t\t\t\t\t\t\t\t\t\t\t\t\t\t\t\t\t\t\t\t\t\t\t\t\t\t\t\t\t\t\t\t\t\t\t\t\t\t\t\t\t\t\t\t\t\t\t\t\t\t\t\t\t\t\t\t\t\t\t\t\t\t\t\t\t\t<\/ul>\n\t<\/div>\n\t<div class=\"fusion-post-content-wrapper\" style=\"padding:20px 15px 20px 5px;\"><div class=\"fusion-post-content post-content\"><h2 class=\"blog-shortcode-post-title entry-title\"><a href=\"https:\/\/www.uwg-attendorn.de\/site\/spitzenkandidaten-zur-europawahl-besuchen-attendorn\/\">Spitzenkandidaten zur Europawahl besuchen Attendorn<\/a><\/h2><div class=\"fusion-post-content-container\"><p>Am Freitag (17.05.2024) besuchten Spitzenkandidaten der FREIE W\u00c4HLER den Kreis Olpe. Dr. Joachim Streit und <a href=\"https:\/\/www.uwg-attendorn.de\/site\/spitzenkandidaten-zur-europawahl-besuchen-attendorn\/\">[mehr...]<\/a><\/p><\/div><\/div><\/div><div class=\"fusion-clearfix\"><\/div><\/div>\n<\/article>\n<div class=\"fusion-clearfix\"><\/div><\/div><\/div><div class=\"fusion-clearfix\"><\/div>\n\n\t\t\t\t\t<\/div>\n\t\t\t\t<\/div><\/div><\/div><\/p>\n","protected":false},"excerpt":{"rendered":"","protected":false},"author":1,"featured_media":0,"parent":0,"menu_order":10,"comment_status":"closed","ping_status":"open","template":"100-width.php","meta":[],"_links":{"self":[{"href":"https:\/\/www.uwg-attendorn.de\/site\/wp-json\/wp\/v2\/pages\/2"}],"collection":[{"href":"https:\/\/www.uwg-attendorn.de\/site\/wp-json\/wp\/v2\/pages"}],"about":[{"href":"https:\/\/www.uwg-attendorn.de\/site\/wp-json\/wp\/v2\/types\/page"}],"author":[{"embeddable":true,"href":"https:\/\/www.uwg-attendorn.de\/site\/wp-json\/wp\/v2\/users\/1"}],"replies":[{"embeddable":true,"href":"https:\/\/www.uwg-attendorn.de\/site\/wp-json\/wp\/v2\/comments?post=2"}],"version-history":[{"count":4,"href":"https:\/\/www.uwg-attendorn.de\/site\/wp-json\/wp\/v2\/pages\/2\/revisions"}],"predecessor-version":[{"id":1411,"href":"https:\/\/www.uwg-attendorn.de\/site\/wp-json\/wp\/v2\/pages\/2\/revisions\/1411"}],"wp:attachment":[{"href":"https:\/\/www.uwg-attendorn.de\/site\/wp-json\/wp\/v2\/media?parent=2"}],"curies":[{"name":"wp","href":"https:\/\/api.w.org\/{rel}","templated":true}]}}